{"id":55746,"date":"2025-05-06T09:11:34","date_gmt":"2025-05-06T07:11:34","guid":{"rendered":"https:\/\/www.resail.org\/politica-de-privacidad\/"},"modified":"2025-09-04T11:49:19","modified_gmt":"2025-09-04T09:49:19","slug":"politica-de-privacidad","status":"publish","type":"page","link":"https:\/\/www.resail.org\/es\/politica-de-privacidad\/","title":{"rendered":"Pol\u00edtica de privacidad"},"content":{"rendered":"\t\t<div data-elementor-type=\"wp-page\" data-elementor-id=\"55746\" class=\"elementor elementor-55746 elementor-11281\" data-elementor-post-type=\"page\">\n\t\t\t\t<div class=\"elementor-element elementor-element-7a3b5d8 e-flex e-con-boxed e-con e-parent\" data-id=\"7a3b5d8\" data-element_type=\"container\" data-e-type=\"container\">\n\t\t\t\t\t<div class=\"e-con-inner\">\n\t\t\t\t<div class=\"elementor-element elementor-element-39a8eed elementor-widget elementor-widget-heading\" data-id=\"39a8eed\" data-element_type=\"widget\" data-e-type=\"widget\" data-widget_type=\"heading.default\">\n\t\t\t\t<div class=\"elementor-widget-container\">\n\t\t\t\t\t<h1 class=\"elementor-heading-title elementor-size-default\">Pol\u00edtica de privacidad de Resail.org<\/h1>\t\t\t\t<\/div>\n\t\t\t\t<\/div>\n\t\t\t\t\t<\/div>\n\t\t\t\t<\/div>\n\t\t<div class=\"elementor-element elementor-element-ba8e4e5 e-flex e-con-boxed e-con e-parent\" data-id=\"ba8e4e5\" data-element_type=\"container\" data-e-type=\"container\">\n\t\t\t\t\t<div class=\"e-con-inner\">\n\t\t\t\t<div class=\"elementor-element elementor-element-a16f696 elementor-widget elementor-widget-text-editor\" data-id=\"a16f696\" data-element_type=\"widget\" data-e-type=\"widget\" data-widget_type=\"text-editor.default\">\n\t\t\t\t<div class=\"elementor-widget-container\">\n\t\t\t\t\t\t\t\t\t<p><strong>Fecha de entrada en vigor:<\/strong> 1 de mayo de 2025<br><strong>\u00daltima actualizaci\u00f3n:<\/strong> 1 de mayo de 2025<\/p><p>Resail Group BV (\u201cResail\u201d, \u201cnosotros\u201d, \u201cnos\u201d o \u201cnuestro\u201d) respeta tu privacidad y se compromete a proteger tus datos personales. Esta Pol\u00edtica de Privacidad explica c\u00f3mo recopilamos, utilizamos, revelamos y protegemos tus datos personales cuando visitas o utilizas resail.org (el \u201cSitio\u201d), un mercado online con \u00e1nimo de lucro operado por Resail Group BV, con sede en Holanda. <\/p><p>Esta Pol\u00edtica de Privacidad est\u00e1 redactada de acuerdo con el Reglamento General de Protecci\u00f3n de Datos (UE) 2016\/679 (\u201cRGPD\u201d) y otras leyes de protecci\u00f3n de datos aplicables.<\/p>\t\t\t\t\t\t\t\t<\/div>\n\t\t\t\t<\/div>\n\t\t\t\t\t<\/div>\n\t\t\t\t<\/div>\n\t\t<div class=\"elementor-element elementor-element-c79a3bb e-flex e-con-boxed e-con e-parent\" data-id=\"c79a3bb\" data-element_type=\"container\" data-e-type=\"container\">\n\t\t\t\t\t<div class=\"e-con-inner\">\n\t\t\t\t<div class=\"elementor-element elementor-element-9f2f755 elementor-widget elementor-widget-heading\" data-id=\"9f2f755\" data-element_type=\"widget\" data-e-type=\"widget\" data-widget_type=\"heading.default\">\n\t\t\t\t<div class=\"elementor-widget-container\">\n\t\t\t\t\t<h2 class=\"elementor-heading-title elementor-size-default\">1. Qui\u00e9nes somos<\/h2>\t\t\t\t<\/div>\n\t\t\t\t<\/div>\n\t\t\t\t<div class=\"elementor-element elementor-element-3cd784a elementor-widget elementor-widget-text-editor\" data-id=\"3cd784a\" data-element_type=\"widget\" data-e-type=\"widget\" data-widget_type=\"text-editor.default\">\n\t\t\t\t<div class=\"elementor-widget-container\">\n\t\t\t\t\t\t\t\t\t<p><strong>Responsable del tratamiento:<\/strong><br>Resail Group BV<br>Nachtegalenlaan 20; 1871BE Schoorl<br>Registrado en los Pa\u00edses Bajos<br><a href=\"mailto:info@resail.org\">Correo electr\u00f3nico: info@resail.org<\/a><\/p>\t\t\t\t\t\t\t\t<\/div>\n\t\t\t\t<\/div>\n\t\t\t\t\t<\/div>\n\t\t\t\t<\/div>\n\t\t<div class=\"elementor-element elementor-element-0b4c9fa e-flex e-con-boxed e-con e-parent\" data-id=\"0b4c9fa\" data-element_type=\"container\" data-e-type=\"container\">\n\t\t\t\t\t<div class=\"e-con-inner\">\n\t\t\t\t<div class=\"elementor-element elementor-element-1bfc42b elementor-widget elementor-widget-heading\" data-id=\"1bfc42b\" data-element_type=\"widget\" data-e-type=\"widget\" data-widget_type=\"heading.default\">\n\t\t\t\t<div class=\"elementor-widget-container\">\n\t\t\t\t\t<h2 class=\"elementor-heading-title elementor-size-default\">2. Datos que recogemos<\/h2>\t\t\t\t<\/div>\n\t\t\t\t<\/div>\n\t\t\t\t<div class=\"elementor-element elementor-element-a522196 elementor-widget elementor-widget-text-editor\" data-id=\"a522196\" data-element_type=\"widget\" data-e-type=\"widget\" data-widget_type=\"text-editor.default\">\n\t\t\t\t<div class=\"elementor-widget-container\">\n\t\t\t\t\t\t\t\t\t<p>Podemos recoger y tratar las siguientes categor\u00edas de datos personales:<\/p><ul><li><strong>Identificaci\u00f3n e informaci\u00f3n de contacto:<\/strong> Nombre, direcci\u00f3n de correo electr\u00f3nico, direcci\u00f3n de env\u00edo, n\u00famero de tel\u00e9fono.<\/li><li><strong>Datos de la cuenta:<\/strong> Nombre de usuario, contrase\u00f1a encriptada, preferencias.<\/li><li><strong>Datos de transacci\u00f3n:<\/strong> Historial de compras, detalles de pago (gestionados por procesadores de pago de terceros).<\/li><li><strong>Datos de uso:<\/strong> Direcci\u00f3n IP, tipo de navegador, informaci\u00f3n del dispositivo, zona horaria y comportamiento de navegaci\u00f3n.<\/li><li><strong>Datos de marketing:<\/strong> Preferencias de comunicaci\u00f3n, opiniones y respuestas a encuestas.<\/li><li><strong>Cookies y datos de seguimiento:<\/strong> Para an\u00e1lisis, experiencia de usuario y funcionalidad.<\/li><\/ul>\t\t\t\t\t\t\t\t<\/div>\n\t\t\t\t<\/div>\n\t\t\t\t\t<\/div>\n\t\t\t\t<\/div>\n\t\t<div class=\"elementor-element elementor-element-a0fde63 e-flex e-con-boxed e-con e-parent\" data-id=\"a0fde63\" data-element_type=\"container\" data-e-type=\"container\">\n\t\t\t\t\t<div class=\"e-con-inner\">\n\t\t\t\t<div class=\"elementor-element elementor-element-8f02746 elementor-widget elementor-widget-heading\" data-id=\"8f02746\" data-element_type=\"widget\" data-e-type=\"widget\" data-widget_type=\"heading.default\">\n\t\t\t\t<div class=\"elementor-widget-container\">\n\t\t\t\t\t<h2 class=\"elementor-heading-title elementor-size-default\">3. C\u00f3mo utilizamos tus datos<\/h2>\t\t\t\t<\/div>\n\t\t\t\t<\/div>\n\t\t\t\t<div class=\"elementor-element elementor-element-42eb06d elementor-widget elementor-widget-text-editor\" data-id=\"42eb06d\" data-element_type=\"widget\" data-e-type=\"widget\" data-widget_type=\"text-editor.default\">\n\t\t\t\t<div class=\"elementor-widget-container\">\n\t\t\t\t\t\t\t\t\t<p>Utilizamos tus datos personales para los siguientes fines:<\/p><ul><li>Para crear y gestionar tu cuenta<\/li><li>Permitir las transacciones entre compradores y vendedores<\/li><li>Para comunicarnos contigo en relaci\u00f3n con pedidos, asistencia o actualizaciones<\/li><li>Para mejorar y personalizar el Sitio y los servicios<\/li><li>Para cumplir las obligaciones legales<\/li><li>Para enviar comunicaciones de marketing (si has dado tu consentimiento)<\/li><\/ul>\t\t\t\t\t\t\t\t<\/div>\n\t\t\t\t<\/div>\n\t\t\t\t\t<\/div>\n\t\t\t\t<\/div>\n\t\t<div class=\"elementor-element elementor-element-2122b5b e-flex e-con-boxed e-con e-parent\" data-id=\"2122b5b\" data-element_type=\"container\" data-e-type=\"container\">\n\t\t\t\t\t<div class=\"e-con-inner\">\n\t\t\t\t<div class=\"elementor-element elementor-element-75afcdd elementor-widget elementor-widget-heading\" data-id=\"75afcdd\" data-element_type=\"widget\" data-e-type=\"widget\" data-widget_type=\"heading.default\">\n\t\t\t\t<div class=\"elementor-widget-container\">\n\t\t\t\t\t<h2 class=\"elementor-heading-title elementor-size-default\">4. Bases legales para el tratamiento<\/h2>\t\t\t\t<\/div>\n\t\t\t\t<\/div>\n\t\t\t\t<div class=\"elementor-element elementor-element-58cb5c1 elementor-widget elementor-widget-text-editor\" data-id=\"58cb5c1\" data-element_type=\"widget\" data-e-type=\"widget\" data-widget_type=\"text-editor.default\">\n\t\t\t\t<div class=\"elementor-widget-container\">\n\t\t\t\t\t\t\t\t\t<p>Tratamos tus datos bas\u00e1ndonos en los siguientes fundamentos jur\u00eddicos:<\/p><ul><li><strong>Necesidad contractual:<\/strong> Para la creaci\u00f3n de cuentas, la realizaci\u00f3n de pedidos y el servicio de atenci\u00f3n al cliente<\/li><li><strong>Intereses leg\u00edtimos:<\/strong> Mejorar nuestros servicios, prevenir el fraude y garantizar la seguridad<\/li><li><strong>Obligaciones legales:<\/strong> Por requisitos fiscales, contables y normativos<\/li><li><strong>Consentimiento:<\/strong> Para comunicaciones de marketing y determinadas cookies (cuando proceda)<\/li><\/ul>\t\t\t\t\t\t\t\t<\/div>\n\t\t\t\t<\/div>\n\t\t\t\t\t<\/div>\n\t\t\t\t<\/div>\n\t\t<div class=\"elementor-element elementor-element-b9803af e-flex e-con-boxed e-con e-parent\" data-id=\"b9803af\" data-element_type=\"container\" data-e-type=\"container\">\n\t\t\t\t\t<div class=\"e-con-inner\">\n\t\t\t\t<div class=\"elementor-element elementor-element-11d2585 elementor-widget elementor-widget-heading\" data-id=\"11d2585\" data-element_type=\"widget\" data-e-type=\"widget\" data-widget_type=\"heading.default\">\n\t\t\t\t<div class=\"elementor-widget-container\">\n\t\t\t\t\t<h2 class=\"elementor-heading-title elementor-size-default\">5. Intercambio y divulgaci\u00f3n de datos<\/h2>\t\t\t\t<\/div>\n\t\t\t\t<\/div>\n\t\t\t\t<div class=\"elementor-element elementor-element-ef8c2c8 elementor-widget elementor-widget-text-editor\" data-id=\"ef8c2c8\" data-element_type=\"widget\" data-e-type=\"widget\" data-widget_type=\"text-editor.default\">\n\t\t\t\t<div class=\"elementor-widget-container\">\n\t\t\t\t\t\t\t\t\t<p>No vendemos tus datos personales. Podemos compartirlos con <\/p><ul><li><strong>Proveedores de servicios y procesadores:<\/strong> Proveedores de alojamiento, proveedores de an\u00e1lisis (por ejemplo, Google Analytics), procesadores de pagos (por ejemplo, Stripe), servicios log\u00edsticos<\/li><li><strong>Autoridades legales:<\/strong> Si es necesario para cumplir obligaciones legales u \u00f3rdenes judiciales<\/li><li><strong>Transferencia de empresas:<\/strong> En caso de fusi\u00f3n, adquisici\u00f3n o venta de activos de la empresa<\/li><\/ul><p>Todos los procesadores externos est\u00e1n sujetos a acuerdos de procesamiento de datos de conformidad con el GDPR.<\/p>\t\t\t\t\t\t\t\t<\/div>\n\t\t\t\t<\/div>\n\t\t\t\t\t<\/div>\n\t\t\t\t<\/div>\n\t\t<div class=\"elementor-element elementor-element-5340ba1 e-flex e-con-boxed e-con e-parent\" data-id=\"5340ba1\" data-element_type=\"container\" data-e-type=\"container\">\n\t\t\t\t\t<div class=\"e-con-inner\">\n\t\t\t\t<div class=\"elementor-element elementor-element-02bb005 elementor-widget elementor-widget-heading\" data-id=\"02bb005\" data-element_type=\"widget\" data-e-type=\"widget\" data-widget_type=\"heading.default\">\n\t\t\t\t<div class=\"elementor-widget-container\">\n\t\t\t\t\t<h2 class=\"elementor-heading-title elementor-size-default\">6. Transferencias internacionales<\/h2>\t\t\t\t<\/div>\n\t\t\t\t<\/div>\n\t\t\t\t<div class=\"elementor-element elementor-element-4211962 elementor-widget elementor-widget-text-editor\" data-id=\"4211962\" data-element_type=\"widget\" data-e-type=\"widget\" data-widget_type=\"text-editor.default\">\n\t\t\t\t<div class=\"elementor-widget-container\">\n\t\t\t\t\t\t\t\t\t<p>Tus datos pueden transferirse fuera del Espacio Econ\u00f3mico Europeo (EEE). Cuando esto ocurre, nos aseguramos de que existen las garant\u00edas adecuadas (por ejemplo, Cl\u00e1usulas Contractuales Tipo). <\/p>\t\t\t\t\t\t\t\t<\/div>\n\t\t\t\t<\/div>\n\t\t\t\t\t<\/div>\n\t\t\t\t<\/div>\n\t\t<div class=\"elementor-element elementor-element-046cb94 e-flex e-con-boxed e-con e-parent\" data-id=\"046cb94\" data-element_type=\"container\" data-e-type=\"container\">\n\t\t\t\t\t<div class=\"e-con-inner\">\n\t\t\t\t<div class=\"elementor-element elementor-element-f1f4bb7 elementor-widget elementor-widget-heading\" data-id=\"f1f4bb7\" data-element_type=\"widget\" data-e-type=\"widget\" data-widget_type=\"heading.default\">\n\t\t\t\t<div class=\"elementor-widget-container\">\n\t\t\t\t\t<h2 class=\"elementor-heading-title elementor-size-default\">7. Conservaci\u00f3n de datos<\/h2>\t\t\t\t<\/div>\n\t\t\t\t<\/div>\n\t\t\t\t<div class=\"elementor-element elementor-element-bbf5be9 elementor-widget elementor-widget-text-editor\" data-id=\"bbf5be9\" data-element_type=\"widget\" data-e-type=\"widget\" data-widget_type=\"text-editor.default\">\n\t\t\t\t<div class=\"elementor-widget-container\">\n\t\t\t\t\t\t\t\t\t<p>Conservamos tus datos personales s\u00f3lo durante el tiempo necesario para los fines descritos en esta pol\u00edtica o seg\u00fan lo exija la ley. Los periodos de conservaci\u00f3n var\u00edan seg\u00fan el tipo de datos y la finalidad. <\/p>\t\t\t\t\t\t\t\t<\/div>\n\t\t\t\t<\/div>\n\t\t\t\t\t<\/div>\n\t\t\t\t<\/div>\n\t\t<div class=\"elementor-element elementor-element-bcc2d1a e-flex e-con-boxed e-con e-parent\" data-id=\"bcc2d1a\" data-element_type=\"container\" data-e-type=\"container\">\n\t\t\t\t\t<div class=\"e-con-inner\">\n\t\t\t\t<div class=\"elementor-element elementor-element-9ac09c2 elementor-widget elementor-widget-heading\" data-id=\"9ac09c2\" data-element_type=\"widget\" data-e-type=\"widget\" data-widget_type=\"heading.default\">\n\t\t\t\t<div class=\"elementor-widget-container\">\n\t\t\t\t\t<h2 class=\"elementor-heading-title elementor-size-default\">8. Tus derechos seg\u00fan el GDPR<\/h2>\t\t\t\t<\/div>\n\t\t\t\t<\/div>\n\t\t\t\t<div class=\"elementor-element elementor-element-dc9ef1f elementor-widget elementor-widget-text-editor\" data-id=\"dc9ef1f\" data-element_type=\"widget\" data-e-type=\"widget\" data-widget_type=\"text-editor.default\">\n\t\t\t\t<div class=\"elementor-widget-container\">\n\t\t\t\t\t\t\t\t\t<p>Como interesado de la UE, tienes los siguientes derechos:<\/p><ul><li>Derecho de acceso a tus datos personales<\/li><li>Derecho de rectificaci\u00f3n o supresi\u00f3n<\/li><li>Derecho a la limitaci\u00f3n del tratamiento<\/li><li>Derecho a la portabilidad de los datos<\/li><li>Derecho de oposici\u00f3n al tratamiento<\/li><li>Derecho a retirar el consentimiento en cualquier momento (para el tratamiento basado en el consentimiento)<\/li><li>Derecho a presentar una reclamaci\u00f3n ante una autoridad de control (Autoriteit Persoonsgegevens en los Pa\u00edses Bajos)<\/li><\/ul><p><br>Para ejercer cualquiera de estos derechos, ponte en contacto con nosotros en info@resail.org.<\/p>\t\t\t\t\t\t\t\t<\/div>\n\t\t\t\t<\/div>\n\t\t\t\t\t<\/div>\n\t\t\t\t<\/div>\n\t\t<div class=\"elementor-element elementor-element-f920f3e e-flex e-con-boxed e-con e-parent\" data-id=\"f920f3e\" data-element_type=\"container\" data-e-type=\"container\">\n\t\t\t\t\t<div class=\"e-con-inner\">\n\t\t\t\t<div class=\"elementor-element elementor-element-4829bcc elementor-widget elementor-widget-heading\" data-id=\"4829bcc\" data-element_type=\"widget\" data-e-type=\"widget\" data-widget_type=\"heading.default\">\n\t\t\t\t<div class=\"elementor-widget-container\">\n\t\t\t\t\t<h2 class=\"elementor-heading-title elementor-size-default\">9. Cookies y tecnolog\u00edas de seguimiento<\/h2>\t\t\t\t<\/div>\n\t\t\t\t<\/div>\n\t\t\t\t<div class=\"elementor-element elementor-element-ac7b903 elementor-widget elementor-widget-text-editor\" data-id=\"ac7b903\" data-element_type=\"widget\" data-e-type=\"widget\" data-widget_type=\"text-editor.default\">\n\t\t\t\t<div class=\"elementor-widget-container\">\n\t\t\t\t\t\t\t\t\t<p>Utilizamos cookies y tecnolog\u00edas similares para:<\/p><ul><li>Funcionalidad esencial del sitio<\/li><li>An\u00e1lisis y seguimiento del rendimiento<\/li><li>Personalizaci\u00f3n<\/li><\/ul><p><br>Puedes gestionar tus preferencias de cookies mediante la configuraci\u00f3n de tu navegador o a trav\u00e9s de nuestro banner de cookies.<\/p>\t\t\t\t\t\t\t\t<\/div>\n\t\t\t\t<\/div>\n\t\t\t\t\t<\/div>\n\t\t\t\t<\/div>\n\t\t<div class=\"elementor-element elementor-element-ed381e2 e-flex e-con-boxed e-con e-parent\" data-id=\"ed381e2\" data-element_type=\"container\" data-e-type=\"container\">\n\t\t\t\t\t<div class=\"e-con-inner\">\n\t\t\t\t<div class=\"elementor-element elementor-element-ceb326e elementor-widget elementor-widget-heading\" data-id=\"ceb326e\" data-element_type=\"widget\" data-e-type=\"widget\" data-widget_type=\"heading.default\">\n\t\t\t\t<div class=\"elementor-widget-container\">\n\t\t\t\t\t<h2 class=\"elementor-heading-title elementor-size-default\">10. Privacidad de los ni\u00f1os<\/h2>\t\t\t\t<\/div>\n\t\t\t\t<\/div>\n\t\t\t\t<div class=\"elementor-element elementor-element-8d9e975 elementor-widget elementor-widget-text-editor\" data-id=\"8d9e975\" data-element_type=\"widget\" data-e-type=\"widget\" data-widget_type=\"text-editor.default\">\n\t\t\t\t<div class=\"elementor-widget-container\">\n\t\t\t\t\t\t\t\t\t<p>Nuestros servicios no est\u00e1n dirigidos a personas menores de 16 a\u00f1os. No recopilamos datos de ni\u00f1os a sabiendas. Si nos enteramos de que lo hemos hecho, eliminaremos los datos inmediatamente.  <\/p>\t\t\t\t\t\t\t\t<\/div>\n\t\t\t\t<\/div>\n\t\t\t\t\t<\/div>\n\t\t\t\t<\/div>\n\t\t<div class=\"elementor-element elementor-element-41e39f3 e-flex e-con-boxed e-con e-parent\" data-id=\"41e39f3\" data-element_type=\"container\" data-e-type=\"container\">\n\t\t\t\t\t<div class=\"e-con-inner\">\n\t\t\t\t<div class=\"elementor-element elementor-element-22c6806 elementor-widget elementor-widget-heading\" data-id=\"22c6806\" data-element_type=\"widget\" data-e-type=\"widget\" data-widget_type=\"heading.default\">\n\t\t\t\t<div class=\"elementor-widget-container\">\n\t\t\t\t\t<h2 class=\"elementor-heading-title elementor-size-default\">11. Cambios en esta Pol\u00edtica<\/h2>\t\t\t\t<\/div>\n\t\t\t\t<\/div>\n\t\t\t\t<div class=\"elementor-element elementor-element-1491fee elementor-widget elementor-widget-text-editor\" data-id=\"1491fee\" data-element_type=\"widget\" data-e-type=\"widget\" data-widget_type=\"text-editor.default\">\n\t\t\t\t<div class=\"elementor-widget-container\">\n\t\t\t\t\t\t\t\t\t<p>Podemos actualizar esta Pol\u00edtica de Privacidad de vez en cuando. Cuando lo hagamos, revisaremos la fecha de \u201c\u00daltima actualizaci\u00f3n\u201d que aparece m\u00e1s arriba. Te animamos a que revises esta pol\u00edtica peri\u00f3dicamente.  <\/p>\t\t\t\t\t\t\t\t<\/div>\n\t\t\t\t<\/div>\n\t\t\t\t\t<\/div>\n\t\t\t\t<\/div>\n\t\t<div class=\"elementor-element elementor-element-652af7d e-flex e-con-boxed e-con e-parent\" data-id=\"652af7d\" data-element_type=\"container\" data-e-type=\"container\">\n\t\t\t\t\t<div class=\"e-con-inner\">\n\t\t\t\t<div class=\"elementor-element elementor-element-fdb11e6 elementor-widget elementor-widget-heading\" data-id=\"fdb11e6\" data-element_type=\"widget\" data-e-type=\"widget\" data-widget_type=\"heading.default\">\n\t\t\t\t<div class=\"elementor-widget-container\">\n\t\t\t\t\t<h2 class=\"elementor-heading-title elementor-size-default\">12. Contacta con nosotros<\/h2>\t\t\t\t<\/div>\n\t\t\t\t<\/div>\n\t\t\t\t<div class=\"elementor-element elementor-element-d772709 elementor-widget elementor-widget-text-editor\" data-id=\"d772709\" data-element_type=\"widget\" data-e-type=\"widget\" data-widget_type=\"text-editor.default\">\n\t\t\t\t<div class=\"elementor-widget-container\">\n\t\t\t\t\t\t\t\t\t<p>Si tienes alguna pregunta o duda sobre esta Pol\u00edtica de privacidad o sobre tus datos personales, ponte en contacto con nosotros:<\/p><p><strong>Resail Group BV<\/strong><br>Nachtegalenlaan 20<br>1871BE Schoorl<br>Pa\u00edses Bajos<br><a href=\"mailto:info@resail.org\">Correo electr\u00f3nico: info@resail.org<\/a><\/p>\t\t\t\t\t\t\t\t<\/div>\n\t\t\t\t<\/div>\n\t\t\t\t\t<\/div>\n\t\t\t\t<\/div>\n\t\t\t\t<\/div>\n\t\t","protected":false},"excerpt":{"rendered":"<p>Pol\u00edtica de privacidad de Resail.org Fecha de entrada en vigor: 1 de mayo de 2025\u00daltima actualizaci\u00f3n: 1 de mayo de 2025 Resail Group BV (\u201cResail\u201d, \u201cnosotros\u201d, \u201cnos\u201d o \u201cnuestro\u201d) respeta tu privacidad y se compromete a proteger tus datos personales. Esta Pol\u00edtica de Privacidad explica c\u00f3mo recopilamos, utilizamos, revelamos y protegemos tus datos personales cuando [&hellip;]<\/p>\n","protected":false},"author":16,"featured_media":0,"parent":0,"menu_order":0,"comment_status":"closed","ping_status":"closed","template":"","meta":{"_acf_changed":false,"footnotes":""},"class_list":["post-55746","page","type-page","status-publish","hentry"],"acf":[],"yoast_head":"<!-- This site is optimized with the Yoast SEO plugin v27.5 - https:\/\/yoast.com\/product\/yoast-seo-wordpress\/ -->\n<title>Pol\u00edtica de privacidad - Resail<\/title>\n<meta name=\"robots\" content=\"index, follow, max-snippet:-1, max-image-preview:large, max-video-preview:-1\" \/>\n<link rel=\"canonical\" href=\"https:\/\/www.resail.org\/es\/politica-de-privacidad\/\" \/>\n<meta property=\"og:locale\" content=\"es_ES\" \/>\n<meta property=\"og:type\" content=\"article\" \/>\n<meta property=\"og:title\" content=\"Pol\u00edtica de privacidad - Resail\" \/>\n<meta property=\"og:description\" content=\"Pol\u00edtica de privacidad de Resail.org Fecha de entrada en vigor: 1 de mayo de 2025\u00daltima actualizaci\u00f3n: 1 de mayo de 2025 Resail Group BV (\u201cResail\u201d, \u201cnosotros\u201d, \u201cnos\u201d o \u201cnuestro\u201d) respeta tu privacidad y se compromete a proteger tus datos personales. Esta Pol\u00edtica de Privacidad explica c\u00f3mo recopilamos, utilizamos, revelamos y protegemos tus datos personales cuando [&hellip;]\" \/>\n<meta property=\"og:url\" content=\"https:\/\/www.resail.org\/es\/politica-de-privacidad\/\" \/>\n<meta property=\"og:site_name\" content=\"Resail\" \/>\n<meta property=\"article:modified_time\" content=\"2025-09-04T09:49:19+00:00\" \/>\n<meta name=\"twitter:card\" content=\"summary_large_image\" \/>\n<meta name=\"twitter:label1\" content=\"Tiempo de lectura\" \/>\n\t<meta name=\"twitter:data1\" content=\"4 minuto\" \/>\n<script type=\"application\/ld+json\" class=\"yoast-schema-graph\">{\"@context\":\"https:\\\/\\\/schema.org\",\"@graph\":[{\"@type\":\"WebPage\",\"@id\":\"https:\\\/\\\/www.resail.org\\\/es\\\/politica-de-privacidad\\\/\",\"url\":\"https:\\\/\\\/www.resail.org\\\/es\\\/politica-de-privacidad\\\/\",\"name\":\"Pol\u00edtica de privacidad - Resail\",\"isPartOf\":{\"@id\":\"https:\\\/\\\/www.resail.org\\\/es\\\/#website\"},\"datePublished\":\"2025-05-06T07:11:34+00:00\",\"dateModified\":\"2025-09-04T09:49:19+00:00\",\"breadcrumb\":{\"@id\":\"https:\\\/\\\/www.resail.org\\\/es\\\/politica-de-privacidad\\\/#breadcrumb\"},\"inLanguage\":\"es\",\"potentialAction\":[{\"@type\":\"ReadAction\",\"target\":[\"https:\\\/\\\/www.resail.org\\\/es\\\/politica-de-privacidad\\\/\"]}]},{\"@type\":\"BreadcrumbList\",\"@id\":\"https:\\\/\\\/www.resail.org\\\/es\\\/politica-de-privacidad\\\/#breadcrumb\",\"itemListElement\":[{\"@type\":\"ListItem\",\"position\":1,\"name\":\"Home\",\"item\":\"https:\\\/\\\/www.resail.org\\\/es\\\/inicio\\\/\"},{\"@type\":\"ListItem\",\"position\":2,\"name\":\"Pol\u00edtica de privacidad\"}]},{\"@type\":\"WebSite\",\"@id\":\"https:\\\/\\\/www.resail.org\\\/es\\\/#website\",\"url\":\"https:\\\/\\\/www.resail.org\\\/es\\\/\",\"name\":\"Resail\",\"description\":\"\",\"publisher\":{\"@id\":\"https:\\\/\\\/www.resail.org\\\/es\\\/#organization\"},\"potentialAction\":[{\"@type\":\"SearchAction\",\"target\":{\"@type\":\"EntryPoint\",\"urlTemplate\":\"https:\\\/\\\/www.resail.org\\\/es\\\/?s={search_term_string}\"},\"query-input\":{\"@type\":\"PropertyValueSpecification\",\"valueRequired\":true,\"valueName\":\"search_term_string\"}}],\"inLanguage\":\"es\"},{\"@type\":\"Organization\",\"@id\":\"https:\\\/\\\/www.resail.org\\\/es\\\/#organization\",\"name\":\"Resail\",\"url\":\"https:\\\/\\\/www.resail.org\\\/es\\\/\",\"logo\":{\"@type\":\"ImageObject\",\"inLanguage\":\"es\",\"@id\":\"https:\\\/\\\/www.resail.org\\\/es\\\/#\\\/schema\\\/logo\\\/image\\\/\",\"url\":\"https:\\\/\\\/www.resail.org\\\/wp-content\\\/uploads\\\/2024\\\/04\\\/cropped-Resail_logo_staand.png\",\"contentUrl\":\"https:\\\/\\\/www.resail.org\\\/wp-content\\\/uploads\\\/2024\\\/04\\\/cropped-Resail_logo_staand.png\",\"width\":512,\"height\":512,\"caption\":\"Resail\"},\"image\":{\"@id\":\"https:\\\/\\\/www.resail.org\\\/es\\\/#\\\/schema\\\/logo\\\/image\\\/\"}}]}<\/script>\n<!-- \/ Yoast SEO plugin. -->","yoast_head_json":{"title":"Pol\u00edtica de privacidad - Resail","robots":{"index":"index","follow":"follow","max-snippet":"max-snippet:-1","max-image-preview":"max-image-preview:large","max-video-preview":"max-video-preview:-1"},"canonical":"https:\/\/www.resail.org\/es\/politica-de-privacidad\/","og_locale":"es_ES","og_type":"article","og_title":"Pol\u00edtica de privacidad - Resail","og_description":"Pol\u00edtica de privacidad de Resail.org Fecha de entrada en vigor: 1 de mayo de 2025\u00daltima actualizaci\u00f3n: 1 de mayo de 2025 Resail Group BV (\u201cResail\u201d, \u201cnosotros\u201d, \u201cnos\u201d o \u201cnuestro\u201d) respeta tu privacidad y se compromete a proteger tus datos personales. Esta Pol\u00edtica de Privacidad explica c\u00f3mo recopilamos, utilizamos, revelamos y protegemos tus datos personales cuando [&hellip;]","og_url":"https:\/\/www.resail.org\/es\/politica-de-privacidad\/","og_site_name":"Resail","article_modified_time":"2025-09-04T09:49:19+00:00","twitter_card":"summary_large_image","twitter_misc":{"Tiempo de lectura":"4 minuto"},"schema":{"@context":"https:\/\/schema.org","@graph":[{"@type":"WebPage","@id":"https:\/\/www.resail.org\/es\/politica-de-privacidad\/","url":"https:\/\/www.resail.org\/es\/politica-de-privacidad\/","name":"Pol\u00edtica de privacidad - Resail","isPartOf":{"@id":"https:\/\/www.resail.org\/es\/#website"},"datePublished":"2025-05-06T07:11:34+00:00","dateModified":"2025-09-04T09:49:19+00:00","breadcrumb":{"@id":"https:\/\/www.resail.org\/es\/politica-de-privacidad\/#breadcrumb"},"inLanguage":"es","potentialAction":[{"@type":"ReadAction","target":["https:\/\/www.resail.org\/es\/politica-de-privacidad\/"]}]},{"@type":"BreadcrumbList","@id":"https:\/\/www.resail.org\/es\/politica-de-privacidad\/#breadcrumb","itemListElement":[{"@type":"ListItem","position":1,"name":"Home","item":"https:\/\/www.resail.org\/es\/inicio\/"},{"@type":"ListItem","position":2,"name":"Pol\u00edtica de privacidad"}]},{"@type":"WebSite","@id":"https:\/\/www.resail.org\/es\/#website","url":"https:\/\/www.resail.org\/es\/","name":"Resail","description":"","publisher":{"@id":"https:\/\/www.resail.org\/es\/#organization"},"potentialAction":[{"@type":"SearchAction","target":{"@type":"EntryPoint","urlTemplate":"https:\/\/www.resail.org\/es\/?s={search_term_string}"},"query-input":{"@type":"PropertyValueSpecification","valueRequired":true,"valueName":"search_term_string"}}],"inLanguage":"es"},{"@type":"Organization","@id":"https:\/\/www.resail.org\/es\/#organization","name":"Resail","url":"https:\/\/www.resail.org\/es\/","logo":{"@type":"ImageObject","inLanguage":"es","@id":"https:\/\/www.resail.org\/es\/#\/schema\/logo\/image\/","url":"https:\/\/www.resail.org\/wp-content\/uploads\/2024\/04\/cropped-Resail_logo_staand.png","contentUrl":"https:\/\/www.resail.org\/wp-content\/uploads\/2024\/04\/cropped-Resail_logo_staand.png","width":512,"height":512,"caption":"Resail"},"image":{"@id":"https:\/\/www.resail.org\/es\/#\/schema\/logo\/image\/"}}]}},"_links":{"self":[{"href":"https:\/\/www.resail.org\/es\/wp-json\/wp\/v2\/pages\/55746","targetHints":{"allow":["GET"]}}],"collection":[{"href":"https:\/\/www.resail.org\/es\/wp-json\/wp\/v2\/pages"}],"about":[{"href":"https:\/\/www.resail.org\/es\/wp-json\/wp\/v2\/types\/page"}],"author":[{"embeddable":true,"href":"https:\/\/www.resail.org\/es\/wp-json\/wp\/v2\/users\/16"}],"replies":[{"embeddable":true,"href":"https:\/\/www.resail.org\/es\/wp-json\/wp\/v2\/comments?post=55746"}],"version-history":[{"count":0,"href":"https:\/\/www.resail.org\/es\/wp-json\/wp\/v2\/pages\/55746\/revisions"}],"wp:attachment":[{"href":"https:\/\/www.resail.org\/es\/wp-json\/wp\/v2\/media?parent=55746"}],"curies":[{"name":"wp","href":"https:\/\/api.w.org\/{rel}","templated":true}]}}